{"id":6,"date":"2016-05-17T06:42:08","date_gmt":"2016-05-17T06:42:08","guid":{"rendered":"http:\/\/eqpack.se.loopiadns.com\/?page_id=6"},"modified":"2021-11-15T12:10:48","modified_gmt":"2021-11-15T12:10:48","slug":"hem","status":"publish","type":"page","link":"https:\/\/eqpack.se\/sv_se\/","title":{"rendered":"Hem"},"content":{"rendered":"<div class=\"vc_row wpb_row vc_row-fluid dt-default\" style=\"margin-top: 0px;margin-bottom: 0px\"><div class=\"wpb_column vc_column_container vc_col-sm-6\"><div class=\"vc_column-inner\"><div class=\"wpb_wrapper\">\n\t<div class=\"wpb_text_column wpb_content_element \" >\n\t\t<div class=\"wpb_wrapper\">\n\t\t\t<h3>EQpack \u2013 en oberoende emballageleverant\u00f6r<\/h3>\n<p>Vi \u00e4r specialiserade p\u00e5 f\u00f6rpackningsl\u00f6sningar f\u00f6r industrin. M\u00e5let \u00e4r att vara en helhetsleverant\u00f6r av emballage och f\u00f6rpackningar.<\/p>\n\n\t\t<\/div>\n\t<\/div>\n<\/div><\/div><\/div><div class=\"wpb_column vc_column_container vc_col-sm-6\"><div class=\"vc_column-inner\"><div class=\"wpb_wrapper\">\n\t<div class=\"wpb_text_column wpb_content_element \" >\n\t\t<div class=\"wpb_wrapper\">\n\t\t\t<p>Det \u00e4r framf\u00f6rallt tv\u00e5 saker som g\u00f6r oss unika i branschen, det f\u00f6rsta \u00e4r att vi \u00e4r oberoende, vi v\u00e4ljer helt fritt vilka material och underleverant\u00f6rer vi vill jobba med, det andra \u00e4r att v\u00e5ra s\u00e4ljare ocks\u00e5 \u00e4r v\u00e5ra projektledare, det inneb\u00e4r att du som kund har kontakt med en och samma person fr\u00e5n id\u00e9 till f\u00e4rdig l\u00f6sning.<\/p>\n\n\t\t<\/div>\n\t<\/div>\n<\/div><\/div><\/div><\/div><div class=\"vc_row wpb_row vc_row-fluid dt-default\" style=\"margin-top: 0px;margin-bottom: 0px\"><div class=\"wpb_column vc_column_container vc_col-sm-12\"><div class=\"vc_column-inner\"><div class=\"wpb_wrapper\">\n\t<div class=\"wpb_text_column wpb_content_element \" >\n\t\t<div class=\"wpb_wrapper\">\n\t\t\t<h4>Vi \u00e4r specialiserade p\u00e5 f\u00f6rpackningsl\u00f6sningar f\u00f6r:<\/h4>\n\n\t\t<\/div>\n\t<\/div>\n<div class=\"dt-shortcode with-isotope\"><div class=\"wf-container dt-portfolio-shortcode loading-effect-none iso-grid bg-under-post description-under-image content-align-centre\" data-padding=\"10px\" data-cur-page=\"1\" data-posts-per-page=\"-1\" data-width=\"200px\" data-columns=\"4\">\n<div class=\"wf-cell\" data-post-id=\"226\" data-date=\"2016-06-01T18:19:00+00:00\" data-name=\"Fordon- &amp; verkstadsindustri\">\n<article class=\"post post-226 dt_portfolio type-dt_portfolio status-publish has-post-thumbnail hentry dt_portfolio_category-branscher dt_portfolio_category-7 media-wide bg-on fullwidth-img text-centered\">\n\n\t<div class=\"project-list-media\">\n\t<figure class=\"buttons-on-img forward-post\">\n\t\t<a href=\"https:\/\/eqpack.se\/sv_se\/produkter\/fordon-verkstadsindustri\/\" class=\"alignnone rollover layzr-bg\" title=\"Fordon - Automotive\"  aria-label=\"Post image\"><img class=\"preload-me iso-lazy-load\" src=\"data:image\/svg+xml,%3Csvg%20xmlns%3D&#39;http%3A%2F%2Fwww.w3.org%2F2000%2Fsvg&#39;%20viewBox%3D&#39;0%200%20300%20168&#39;%2F%3E\" data-src=\"https:\/\/mediaeqpack.eqpack.se\/2016\/05\/fordon-300x168.jpg\" data-srcset=\"https:\/\/mediaeqpack.eqpack.se\/2016\/05\/fordon-300x168.jpg 300w, https:\/\/mediaeqpack.eqpack.se\/2016\/05\/fordon-600x336.jpg 600w\" alt=\"\" width=\"300\" height=\"168\"  \/><\/a>\t\t\t<\/figure>\n<\/div>\n<div class=\"project-list-content\">\n\t<h3 class=\"entry-title\"><a href=\"https:\/\/eqpack.se\/sv_se\/produkter\/fordon-verkstadsindustri\/\" title=\"Fordon- &#038; verkstadsindustri\" rel=\"bookmark\">Fordon- &#038; verkstadsindustri<\/a><\/h3><\/div>\n<\/article>\n\n<\/div>\n<div class=\"wf-cell\" data-post-id=\"218\" data-date=\"2016-06-01T11:03:03+00:00\" data-name=\"Elektronik\">\n<article class=\"post post-218 dt_portfolio type-dt_portfolio status-publish has-post-thumbnail hentry dt_portfolio_category-branscher dt_portfolio_category-7 media-wide bg-on fullwidth-img text-centered\">\n\n\t<div class=\"project-list-media\">\n\t<figure class=\"buttons-on-img forward-post\">\n\t\t<a href=\"https:\/\/eqpack.se\/sv_se\/produkter\/elektronik\/\" class=\"alignnone rollover layzr-bg\" title=\"Elektronik\"  aria-label=\"Post image\"><img class=\"preload-me iso-lazy-load\" src=\"data:image\/svg+xml,%3Csvg%20xmlns%3D&#39;http%3A%2F%2Fwww.w3.org%2F2000%2Fsvg&#39;%20viewBox%3D&#39;0%200%20300%20168&#39;%2F%3E\" data-src=\"https:\/\/mediaeqpack.eqpack.se\/2016\/05\/electronics-300x168.jpg\" data-srcset=\"https:\/\/mediaeqpack.eqpack.se\/2016\/05\/electronics-300x168.jpg 300w, https:\/\/mediaeqpack.eqpack.se\/2016\/05\/electronics-600x336.jpg 600w\" alt=\"\" width=\"300\" height=\"168\"  \/><\/a>\t\t\t<\/figure>\n<\/div>\n<div class=\"project-list-content\">\n\t<h3 class=\"entry-title\"><a href=\"https:\/\/eqpack.se\/sv_se\/produkter\/elektronik\/\" title=\"Elektronik\" rel=\"bookmark\">Elektronik<\/a><\/h3><\/div>\n<\/article>\n\n<\/div>\n<div class=\"wf-cell\" data-post-id=\"228\" data-date=\"2016-05-31T11:20:47+00:00\" data-name=\"L\u00e4kemedelsindustri\">\n<article class=\"post post-228 dt_portfolio type-dt_portfolio status-publish has-post-thumbnail hentry dt_portfolio_category-branscher dt_portfolio_category-7 media-wide bg-on fullwidth-img text-centered\">\n\n\t<div class=\"project-list-media\">\n\t<figure class=\"buttons-on-img forward-post\">\n\t\t<a href=\"https:\/\/eqpack.se\/sv_se\/produkter\/lakemedelsindustri\/\" class=\"alignnone rollover layzr-bg\" title=\"Lekemedlesindustri\"  aria-label=\"Post image\"><img class=\"preload-me iso-lazy-load\" src=\"data:image\/svg+xml,%3Csvg%20xmlns%3D&#39;http%3A%2F%2Fwww.w3.org%2F2000%2Fsvg&#39;%20viewBox%3D&#39;0%200%20300%20168&#39;%2F%3E\" data-src=\"https:\/\/mediaeqpack.eqpack.se\/2016\/05\/medicin-300x168.jpg\" data-srcset=\"https:\/\/mediaeqpack.eqpack.se\/2016\/05\/medicin-300x168.jpg 300w, https:\/\/mediaeqpack.eqpack.se\/2016\/05\/medicin-600x336.jpg 600w\" alt=\"\" width=\"300\" height=\"168\"  \/><\/a>\t\t\t<\/figure>\n<\/div>\n<div class=\"project-list-content\">\n\t<h3 class=\"entry-title\"><a href=\"https:\/\/eqpack.se\/sv_se\/produkter\/lakemedelsindustri\/\" title=\"L\u00e4kemedelsindustri\" rel=\"bookmark\">L\u00e4kemedelsindustri<\/a><\/h3><\/div>\n<\/article>\n\n<\/div>\n<div class=\"wf-cell\" data-post-id=\"231\" data-date=\"2016-05-30T11:23:08+00:00\" data-name=\"Livsmedelsindustri\">\n<article class=\"post post-231 dt_portfolio type-dt_portfolio status-publish has-post-thumbnail hentry dt_portfolio_category-branscher dt_portfolio_category-7 media-wide bg-on fullwidth-img text-centered\">\n\n\t<div class=\"project-list-media\">\n\t<figure class=\"buttons-on-img forward-post\">\n\t\t<a href=\"https:\/\/eqpack.se\/sv_se\/produkter\/livsmedelsindustri\/\" class=\"alignnone rollover layzr-bg\" title=\"Livsmedelsindustri\"  aria-label=\"Post image\"><img class=\"preload-me iso-lazy-load\" src=\"data:image\/svg+xml,%3Csvg%20xmlns%3D&#39;http%3A%2F%2Fwww.w3.org%2F2000%2Fsvg&#39;%20viewBox%3D&#39;0%200%20300%20168&#39;%2F%3E\" data-src=\"https:\/\/mediaeqpack.eqpack.se\/2016\/05\/livsmedel1-300x168.jpg\" data-srcset=\"https:\/\/mediaeqpack.eqpack.se\/2016\/05\/livsmedel1-300x168.jpg 300w, https:\/\/mediaeqpack.eqpack.se\/2016\/05\/livsmedel1-600x336.jpg 600w\" alt=\"\" width=\"300\" height=\"168\"  \/><\/a>\t\t\t<\/figure>\n<\/div>\n<div class=\"project-list-content\">\n\t<h3 class=\"entry-title\"><a href=\"https:\/\/eqpack.se\/sv_se\/produkter\/livsmedelsindustri\/\" title=\"Livsmedelsindustri\" rel=\"bookmark\">Livsmedelsindustri<\/a><\/h3><\/div>\n<\/article>\n\n<\/div><\/div><\/div><\/div><\/div><\/div><\/div><div class=\"vc_row wpb_row vc_row-fluid dt-default\" style=\"margin-top: 30px;margin-bottom: 0px\"><div class=\"wpb_column vc_column_container vc_col-sm-12\"><div class=\"vc_column-inner\"><div class=\"wpb_wrapper\"><div class=\"dt-fancy-separator text-big\" style=\"width: 100%;\"><div class=\"dt-fancy-title\"><span class=\"separator-holder separator-left\"><\/span>Nyheter:<span class=\"separator-holder separator-right\"><\/span><\/div><\/div><\/div><\/div><\/div><\/div><div class=\"vc_row wpb_row vc_row-fluid dt-default\" style=\"margin-top: 0px;margin-bottom: 0px\"><div class=\"wpb_column vc_column_container vc_col-sm-12\"><div class=\"vc_column-inner\"><div class=\"wpb_wrapper\"><div class=\"dt-shortcode with-isotope\"><div class=\"wf-container dt-blog-shortcode loading-effect-none iso-grid description-under-image content-align-left\" data-padding=\"18px\" data-cur-page=\"1\" data-posts-per-page=\"-1\" data-width=\"300px\" data-columns=\"3\">\n<div class=\"wf-cell\" data-post-id=\"1076\" data-date=\"2023-12-20T09:12:26+00:00\" data-name=\"TJUGOFYRA7 skriver om EQpack\">\n\t<article class=\"post post-1076 type-post status-publish format-standard has-post-thumbnail hentry category-nyhet category-2 description-off\">\n\n\t\t\n\t\t\t<div class=\"blog-media wf-td\">\n\n\t\t\t\t<p><a href=\"https:\/\/eqpack.se\/sv_se\/tjugofyra7-skriver-om-eqpack\/\" class=\"alignnone rollover layzr-bg\" ><img class=\"preload-me iso-lazy-load\" src=\"data:image\/svg+xml,%3Csvg%20xmlns%3D&#39;http%3A%2F%2Fwww.w3.org%2F2000%2Fsvg&#39;%20viewBox%3D&#39;0%200%20450%20246&#39;%2F%3E\" data-src=\"https:\/\/mediaeqpack.eqpack.se\/2023\/12\/eqpack-tjernell-450x246.jpg\" data-srcset=\"https:\/\/mediaeqpack.eqpack.se\/2023\/12\/eqpack-tjernell-450x246.jpg 450w, https:\/\/mediaeqpack.eqpack.se\/2023\/12\/eqpack-tjernell.jpg 770w\" alt=\"\" title=\"eqpack-tjernell\" width=\"450\" height=\"246\"  \/><\/a><\/p>\n\t\t\t<\/div>\n\n\t\t\n\t\t<div class=\"blog-content wf-td\">\n\t\t\t<h3 class=\"entry-title\"><a href=\"https:\/\/eqpack.se\/sv_se\/tjugofyra7-skriver-om-eqpack\/\" title=\"TJUGOFYRA7 skriver om EQpack\" rel=\"bookmark\">TJUGOFYRA7 skriver om EQpack<\/a><\/h3>\n\n\t\t\t<p>En maskin havererade och f\u00f6retaget Eqpack f\u00f6rlorade 300 000 kronor p\u00e5 tv\u00e5 veckor. \u2013 D\u00e5 var det panik. Men att maskinen gick s\u00f6nder \u00e4r det b\u00e4sta som h\u00e4nt f\u00f6retaget, s\u00e4ger vd Johan Tjernell. Vilsenheten och s\u00e5rbarheten blev ett uppvaknande. Efter haveriet har f\u00f6retaget byggt upp en beredskap f\u00f6r att hantera produktionsstopp, personalen har f\u00e5tt bredare&hellip;<\/p>\n\n\t\t<\/div>\n\n\t<\/article>\n\n<\/div>\n<div class=\"wf-cell\" data-post-id=\"1071\" data-date=\"2023-12-14T14:24:11+00:00\" data-name=\"Artikel om EQpacks Cirkul\u00e4ra fl\u00f6den i Plastforum\">\n\t<article class=\"post post-1071 type-post status-publish format-standard has-post-thumbnail hentry category-nyhet category-2 description-off\">\n\n\t\t\n\t\t\t<div class=\"blog-media wf-td\">\n\n\t\t\t\t<p><a href=\"https:\/\/eqpack.se\/sv_se\/artikel-om-eqpacks-cirkulara-floden-i-plastforum\/\" class=\"alignnone rollover layzr-bg\" ><img class=\"preload-me iso-lazy-load\" src=\"data:image\/svg+xml,%3Csvg%20xmlns%3D&#39;http%3A%2F%2Fwww.w3.org%2F2000%2Fsvg&#39;%20viewBox%3D&#39;0%200%20450%20251&#39;%2F%3E\" data-src=\"https:\/\/mediaeqpack.eqpack.se\/2023\/12\/96348971-450x251.jpg\" data-srcset=\"https:\/\/mediaeqpack.eqpack.se\/2023\/12\/96348971-450x251.jpg 450w, https:\/\/mediaeqpack.eqpack.se\/2023\/12\/96348971.jpg 647w\" alt=\"\" title=\"96348971\" width=\"450\" height=\"251\"  \/><\/a><\/p>\n\t\t\t<\/div>\n\n\t\t\n\t\t<div class=\"blog-content wf-td\">\n\t\t\t<h3 class=\"entry-title\"><a href=\"https:\/\/eqpack.se\/sv_se\/artikel-om-eqpacks-cirkulara-floden-i-plastforum\/\" title=\"Artikel om EQpacks Cirkul\u00e4ra fl\u00f6den i Plastforum\" rel=\"bookmark\">Artikel om EQpacks Cirkul\u00e4ra fl\u00f6den i Plastforum<\/a><\/h3>\n\n\t\t\t\n\t\t<\/div>\n\n\t<\/article>\n\n<\/div>\n<div class=\"wf-cell\" data-post-id=\"1067\" data-date=\"2023-12-08T12:48:37+00:00\" data-name=\"Johan Tjernell \u2013 en man i st\u00e4ndig r\u00f6relse\">\n\t<article class=\"post post-1067 type-post status-publish format-standard has-post-thumbnail hentry category-nyhet category-2 description-off\">\n\n\t\t\n\t\t\t<div class=\"blog-media wf-td\">\n\n\t\t\t\t<p><a href=\"https:\/\/eqpack.se\/sv_se\/johan-tjernell-en-man-i-standig-rorelse\/\" class=\"alignnone rollover layzr-bg\" ><img class=\"preload-me iso-lazy-load\" src=\"data:image\/svg+xml,%3Csvg%20xmlns%3D&#39;http%3A%2F%2Fwww.w3.org%2F2000%2Fsvg&#39;%20viewBox%3D&#39;0%200%20450%20270&#39;%2F%3E\" data-src=\"https:\/\/mediaeqpack.eqpack.se\/2023\/12\/Johan_Tjernell_profil-450x270.jpg\" data-srcset=\"https:\/\/mediaeqpack.eqpack.se\/2023\/12\/Johan_Tjernell_profil-450x270.jpg 450w, https:\/\/mediaeqpack.eqpack.se\/2023\/12\/Johan_Tjernell_profil-900x540.jpg 900w\" alt=\"\" title=\"Johan_Tjernell_profil\" width=\"450\" height=\"270\"  \/><\/a><\/p>\n\t\t\t<\/div>\n\n\t\t\n\t\t<div class=\"blog-content wf-td\">\n\t\t\t<h3 class=\"entry-title\"><a href=\"https:\/\/eqpack.se\/sv_se\/johan-tjernell-en-man-i-standig-rorelse\/\" title=\"Johan Tjernell \u2013 en man i st\u00e4ndig r\u00f6relse\" rel=\"bookmark\">Johan Tjernell \u2013 en man i st\u00e4ndig r\u00f6relse<\/a><\/h3>\n\n\t\t\t<p>Efter att ha umg\u00e5tts med Johan Tjernell i n\u00e5gra timmar k\u00e4nner man sig sm\u00e5tt \u00f6verv\u00e4ldigad och v\u00e4ldigt inspirerad. Att man kan kanalisera sina id\u00e9er, f\u00f6rverkliga dem och \u00e4ven g\u00f6ra aff\u00e4rer p\u00e5 dem \u00e4r ingenting annat \u00e4n imponerande. Johan driver f\u00f6retagen EQpackAB och Husmuttern AB och det \u00e4r om honom denna text ska handla. F\u00f6rst n\u00e5gra&hellip;<\/p>\n\n\t\t<\/div>\n\n\t<\/article>\n\n<\/div><\/div><\/div><\/div><\/div><\/div><\/div><div class=\"vc_row wpb_row vc_row-fluid dt-default\" style=\"margin-top: 30px;margin-bottom: 0px\"><div class=\"wpb_column vc_column_container vc_col-sm-12\"><div class=\"vc_column-inner\"><div class=\"wpb_wrapper\"><div class=\"dt-fancy-separator text-big\" style=\"width: 100%;\"><div class=\"dt-fancy-title\"><span class=\"separator-holder separator-left\"><\/span>Aff\u00e4rspartners:<span class=\"separator-holder separator-right\"><\/span><\/div><\/div><\/div><\/div><\/div><\/div><div class=\"vc_row wpb_row vc_row-fluid dt-default\" style=\"margin-top: 0px;margin-bottom: 0px\"><div class=\"wpb_column vc_column_container vc_col-sm-12\"><div class=\"vc_column-inner\"><div class=\"wpb_wrapper\">\n\t<div class=\"wpb_text_column wpb_content_element \" >\n\t\t<div class=\"wpb_wrapper\">\n\t\t\t<p><img decoding=\"async\" loading=\"lazy\" class=\"wp-image-1002  aligncenter\" src=\"http:\/\/mediaeqpack.eqpack.se\/2021\/11\/partners-eqpack-hemsida-300x36.png\" alt=\"\" width=\"716\" height=\"86\" srcset=\"http:\/\/mediaeqpack.eqpack.se\/2021\/11\/partners-eqpack-hemsida-300x36.png 300w, http:\/\/mediaeqpack.eqpack.se\/2021\/11\/partners-eqpack-hemsida-18x2.png 18w, http:\/\/mediaeqpack.eqpack.se\/2021\/11\/partners-eqpack-hemsida.png 850w\" sizes=\"(max-width: 716px) 100vw, 716px\" \/><\/p>\n\n\t\t<\/div>\n\t<\/div>\n<\/div><\/div><\/div><\/div><div class=\"vc_row wpb_row vc_row-fluid dt-default\" style=\"margin-top: 30px;margin-bottom: 0px\"><div class=\"wpb_column vc_column_container vc_col-sm-12\"><div class=\"vc_column-inner\"><div class=\"wpb_wrapper\"><div class=\"dt-fancy-separator text-big\" style=\"width: 100%;\"><div class=\"dt-fancy-title\"><span class=\"separator-holder separator-left\"><\/span>Kundreferenser:<span class=\"separator-holder separator-right\"><\/span><\/div><\/div><\/div><\/div><\/div><\/div><div class=\"vc_row wpb_row vc_row-fluid dt-default\" style=\"margin-top: 0px;margin-bottom: 0px\"><div class=\"wpb_column vc_column_container vc_col-sm-12\"><div class=\"vc_column-inner\"><div class=\"wpb_wrapper\">\n\t<div class=\"wpb_text_column wpb_content_element \" >\n\t\t<div class=\"wpb_wrapper\">\n\t\t\t<p><img decoding=\"async\" loading=\"lazy\" class=\"size-full wp-image-447 aligncenter\" src=\"http:\/\/mediaeqpack.eqpack.se\/2019\/03\/ref-2019.jpg\" alt=\"\" width=\"490\" height=\"86\" srcset=\"http:\/\/mediaeqpack.eqpack.se\/2019\/03\/ref-2019.jpg 490w, http:\/\/mediaeqpack.eqpack.se\/2019\/03\/ref-2019-300x53.jpg 300w\" sizes=\"(max-width: 490px) 100vw, 490px\" \/><\/p>\n\n\t\t<\/div>\n\t<\/div>\n<\/div><\/div><\/div><\/div><div class=\"vc_row wpb_row vc_row-fluid dt-default\" style=\"margin-top: 0px;margin-bottom: 0px\"><div class=\"wpb_column vc_column_container vc_col-sm-12\"><div class=\"vc_column-inner\"><div class=\"wpb_wrapper\">\n\t<div class=\"wpb_text_column wpb_content_element \" >\n\t\t<div class=\"wpb_wrapper\">\n\t\t\t<p style=\"text-align: right;\">\n\n\t\t<\/div>\n\t<\/div>\n<\/div><\/div><\/div><\/div>\n","protected":false},"excerpt":{"rendered":"<p>EQpack \u2013 en oberoende emballageleverant\u00f6r Vi \u00e4r specialiserade p\u00e5 f\u00f6rpackningsl\u00f6sningar f\u00f6r industrin. M\u00e5let \u00e4r att vara en helhetsleverant\u00f6r av emballage och f\u00f6rpackningar. Det \u00e4r framf\u00f6rallt tv\u00e5 saker som g\u00f6r oss unika i branschen, det f\u00f6rsta \u00e4r att vi \u00e4r oberoende, vi v\u00e4ljer helt fritt vilka material och underleverant\u00f6rer vi vill jobba med, det andra \u00e4r&hellip;<\/p>\n","protected":false},"author":1,"featured_media":0,"parent":0,"menu_order":0,"comment_status":"closed","ping_status":"closed","template":"","meta":[],"_links":{"self":[{"href":"https:\/\/eqpack.se\/sv_se\/wp-json\/wp\/v2\/pages\/6"}],"collection":[{"href":"https:\/\/eqpack.se\/sv_se\/wp-json\/wp\/v2\/pages"}],"about":[{"href":"https:\/\/eqpack.se\/sv_se\/wp-json\/wp\/v2\/types\/page"}],"author":[{"embeddable":true,"href":"https:\/\/eqpack.se\/sv_se\/wp-json\/wp\/v2\/users\/1"}],"replies":[{"embeddable":true,"href":"https:\/\/eqpack.se\/sv_se\/wp-json\/wp\/v2\/comments?post=6"}],"version-history":[{"count":34,"href":"https:\/\/eqpack.se\/sv_se\/wp-json\/wp\/v2\/pages\/6\/revisions"}],"predecessor-version":[{"id":1005,"href":"https:\/\/eqpack.se\/sv_se\/wp-json\/wp\/v2\/pages\/6\/revisions\/1005"}],"wp:attachment":[{"href":"https:\/\/eqpack.se\/sv_se\/wp-json\/wp\/v2\/media?parent=6"}],"curies":[{"name":"wp","href":"https:\/\/api.w.org\/{rel}","templated":true}]}}